{"id":69,"date":"2021-03-05T11:29:46","date_gmt":"2021-03-05T10:29:46","guid":{"rendered":"https:\/\/brigitta-winkelried.com\/?page_id=69"},"modified":"2026-09-02T08:19:15","modified_gmt":"2026-09-02T06:19:15","slug":"startseite","status":"publish","type":"page","link":"https:\/\/brigitta-winkelried.com\/","title":{"rendered":"Startseite"},"content":{"rendered":"\t\t<div data-elementor-type=\"wp-page\" data-elementor-id=\"69\" class=\"elementor elementor-69\" data-elementor-post-type=\"page\">\n\t\t\t\t\t\t<section class=\"elementor-section elementor-top-section elementor-element elementor-element-3f3b28b elementor-section-boxed elementor-section-height-default elementor-section-height-default\" data-id=\"3f3b28b\" data-element_type=\"section\" data-e-type=\"section\">\n\t\t\t\t\t\t<div class=\"elementor-container elementor-column-gap-default\">\n\t\t\t\t\t<div class=\"elementor-column elementor-col-100 elementor-top-column elementor-element elementor-element-e5b6f5a\" data-id=\"e5b6f5a\" data-element_type=\"column\" data-e-type=\"column\">\n\t\t\t<div class=\"elementor-widget-wrap elementor-element-populated\">\n\t\t\t\t\t\t<div class=\"elementor-element elementor-element-1235f08 elementor-widget elementor-widget-text-editor\" data-id=\"1235f08\" data-element_type=\"widget\" data-e-type=\"widget\" data-widget_type=\"text-editor.default\">\n\t\t\t\t<div class=\"elementor-widget-container\">\n\t\t\t\t\t\t\t\t\t<h5 style=\"text-align: center;\">Entdecke spannende Kriminalromane mit alpinen Schaupl\u00e4tzen.\u00a0<span style=\"font-size: 18px; font-weight: bold;\">Krimis, die atmosph\u00e4rische Berglandschaften mit packender Spannung verbinden.<\/span><\/h5>\t\t\t\t\t\t\t\t<\/div>\n\t\t\t\t<\/div>\n\t\t\t\t<div class=\"elementor-element elementor-element-4778a66 elementor-widget elementor-widget-image\" data-id=\"4778a66\" data-element_type=\"widget\" data-e-type=\"widget\" data-widget_type=\"image.default\">\n\t\t\t\t<div class=\"elementor-widget-container\">\n\t\t\t\t\t\t\t\t\t\t\t\t\t\t\t<img fetchpriority=\"high\" decoding=\"async\" width=\"474\" height=\"739\" src=\"https:\/\/i0.wp.com\/brigitta-winkelried.com\/wp-content\/uploads\/2025\/10\/Mord-am-Matterhorn.png?fit=474%2C739&amp;ssl=1\" class=\"attachment-medium_large size-medium_large wp-image-8150\" alt=\"\" srcset=\"https:\/\/i0.wp.com\/brigitta-winkelried.com\/wp-content\/uploads\/2025\/10\/Mord-am-Matterhorn.png?w=852&amp;ssl=1 852w, https:\/\/i0.wp.com\/brigitta-winkelried.com\/wp-content\/uploads\/2025\/10\/Mord-am-Matterhorn.png?resize=192%2C300&amp;ssl=1 192w, https:\/\/i0.wp.com\/brigitta-winkelried.com\/wp-content\/uploads\/2025\/10\/Mord-am-Matterhorn.png?resize=657%2C1024&amp;ssl=1 657w, https:\/\/i0.wp.com\/brigitta-winkelried.com\/wp-content\/uploads\/2025\/10\/Mord-am-Matterhorn.png?resize=768%2C1197&amp;ssl=1 768w, https:\/\/i0.wp.com\/brigitta-winkelried.com\/wp-content\/uploads\/2025\/10\/Mord-am-Matterhorn.png?resize=300%2C468&amp;ssl=1 300w\" sizes=\"(max-width: 474px) 100vw, 474px\" data-attachment-id=\"8150\" data-permalink=\"https:\/\/brigitta-winkelried.com\/?attachment_id=8150\" data-orig-file=\"https:\/\/i0.wp.com\/brigitta-winkelried.com\/wp-content\/uploads\/2025\/10\/Mord-am-Matterhorn.png?fit=852%2C1328&amp;ssl=1\" data-orig-size=\"852,1328\" data-comments-opened=\"1\" data-image-meta=\"{&quot;aperture&quot;:&quot;0&quot;,&quot;credit&quot;:&quot;&quot;,&quot;camera&quot;:&quot;&quot;,&quot;caption&quot;:&quot;&quot;,&quot;created_timestamp&quot;:&quot;0&quot;,&quot;copyright&quot;:&quot;&quot;,&quot;focal_length&quot;:&quot;0&quot;,&quot;iso&quot;:&quot;0&quot;,&quot;shutter_speed&quot;:&quot;0&quot;,&quot;title&quot;:&quot;&quot;,&quot;orientation&quot;:&quot;0&quot;}\" data-image-title=\"Mord am Matterhorn\" data-image-description=\"\" data-image-caption=\"\" data-large-file=\"https:\/\/i0.wp.com\/brigitta-winkelried.com\/wp-content\/uploads\/2025\/10\/Mord-am-Matterhorn.png?fit=474%2C739&amp;ssl=1\" \/>\t\t\t\t\t\t\t\t\t\t\t\t\t\t\t<\/div>\n\t\t\t\t<\/div>\n\t\t\t\t\t<\/div>\n\t\t<\/div>\n\t\t\t\t\t<\/div>\n\t\t<\/section>\n\t\t\t\t<section class=\"elementor-section elementor-top-section elementor-element elementor-element-182d437 elementor-section-boxed elementor-section-height-default elementor-section-height-default\" data-id=\"182d437\" data-element_type=\"section\" data-e-type=\"section\">\n\t\t\t\t\t\t<div class=\"elementor-container elementor-column-gap-default\">\n\t\t\t\t\t<div class=\"elementor-column elementor-col-100 elementor-top-column elementor-element elementor-element-a1ac774\" data-id=\"a1ac774\" data-element_type=\"column\" data-e-type=\"column\">\n\t\t\t<div class=\"elementor-widget-wrap elementor-element-populated\">\n\t\t\t\t\t\t<div class=\"elementor-element elementor-element-69a5b0e elementor-widget elementor-widget-text-editor\" data-id=\"69a5b0e\" data-element_type=\"widget\" data-e-type=\"widget\" data-widget_type=\"text-editor.default\">\n\t\t\t\t<div class=\"elementor-widget-container\">\n\t\t\t\t\t\t\t\t\t<h5 style=\"text-align: center;\"><b>Der f\u00fcnfte Steinalper-Krimi ist\u00a0 in allen\u00a0 Buchl\u00e4den im deutschsprachigen Raum vorr\u00e4tig oder bestellbar.<\/b><\/h5>\t\t\t\t\t\t\t\t<\/div>\n\t\t\t\t<\/div>\n\t\t\t\t\t<\/div>\n\t\t<\/div>\n\t\t\t\t\t<\/div>\n\t\t<\/section>\n\t\t\t\t<section class=\"elementor-section elementor-top-section elementor-element elementor-element-119749b elementor-section-boxed elementor-section-height-default elementor-section-height-default\" data-id=\"119749b\" data-element_type=\"section\" data-e-type=\"section\">\n\t\t\t\t\t\t<div class=\"elementor-container elementor-column-gap-default\">\n\t\t\t\t\t<div class=\"elementor-column elementor-col-100 elementor-top-column elementor-element elementor-element-b6ba2bd\" data-id=\"b6ba2bd\" data-element_type=\"column\" data-e-type=\"column\">\n\t\t\t<div class=\"elementor-widget-wrap elementor-element-populated\">\n\t\t\t\t\t\t<div class=\"elementor-element elementor-element-ded19e4 elementor-widget elementor-widget-video\" data-id=\"ded19e4\" data-element_type=\"widget\" data-e-type=\"widget\" data-settings=\"{&quot;youtube_url&quot;:&quot;https:\\\/\\\/youtu.be\\\/UvMva0CwaC4&quot;,&quot;video_type&quot;:&quot;youtube&quot;,&quot;controls&quot;:&quot;yes&quot;}\" data-widget_type=\"video.default\">\n\t\t\t\t<div class=\"elementor-widget-container\">\n\t\t\t\t\t\t\t<div class=\"elementor-wrapper elementor-open-inline\">\n\t\t\t<div class=\"elementor-video\"><\/div>\t\t<\/div>\n\t\t\t\t\t\t<\/div>\n\t\t\t\t<\/div>\n\t\t\t\t\t<\/div>\n\t\t<\/div>\n\t\t\t\t\t<\/div>\n\t\t<\/section>\n\t\t\t\t<section class=\"elementor-section elementor-top-section elementor-element elementor-element-6651c74 elementor-section-boxed elementor-section-height-default elementor-section-height-default\" data-id=\"6651c74\" data-element_type=\"section\" data-e-type=\"section\">\n\t\t\t\t\t\t<div class=\"elementor-container elementor-column-gap-default\">\n\t\t\t\t\t<div class=\"elementor-column elementor-col-100 elementor-top-column elementor-element elementor-element-869d96c\" data-id=\"869d96c\" data-element_type=\"column\" data-e-type=\"column\">\n\t\t\t<div class=\"elementor-widget-wrap elementor-element-populated\">\n\t\t\t\t\t\t<div class=\"elementor-element elementor-element-0b6a2c6 elementor-widget elementor-widget-heading\" data-id=\"0b6a2c6\" data-element_type=\"widget\" data-e-type=\"widget\" data-widget_type=\"heading.default\">\n\t\t\t\t<div class=\"elementor-widget-container\">\n\t\t\t\t\t<h2 class=\"elementor-heading-title elementor-size-default\">MEINE \u00fcbrigen KRIMIS<\/h2>\t\t\t\t<\/div>\n\t\t\t\t<\/div>\n\t\t\t\t\t<\/div>\n\t\t<\/div>\n\t\t\t\t\t<\/div>\n\t\t<\/section>\n\t\t\t\t<section class=\"elementor-section elementor-top-section elementor-element elementor-element-1cd7dd9 elementor-section-boxed elementor-section-height-default elementor-section-height-default\" data-id=\"1cd7dd9\" data-element_type=\"section\" data-e-type=\"section\">\n\t\t\t\t\t\t<div class=\"elementor-container elementor-column-gap-default\">\n\t\t\t\t\t<div class=\"elementor-column elementor-col-100 elementor-top-column elementor-element elementor-element-ed2992c\" data-id=\"ed2992c\" data-element_type=\"column\" data-e-type=\"column\">\n\t\t\t<div class=\"elementor-widget-wrap elementor-element-populated\">\n\t\t\t\t\t\t<div class=\"elementor-element elementor-element-3a7528b elementor-widget elementor-widget-text-editor\" data-id=\"3a7528b\" data-element_type=\"widget\" data-e-type=\"widget\" data-widget_type=\"text-editor.default\">\n\t\t\t\t<div class=\"elementor-widget-container\">\n\t\t\t\t\t\t\t\t\t<p style=\"text-align: center;\">Die einzelnen B\u00e4nde sind in sich abgeschlossen.<\/p>\t\t\t\t\t\t\t\t<\/div>\n\t\t\t\t<\/div>\n\t\t\t\t\t<\/div>\n\t\t<\/div>\n\t\t\t\t\t<\/div>\n\t\t<\/section>\n\t\t\t\t<section class=\"elementor-section elementor-top-section elementor-element elementor-element-d0580cc elementor-section-boxed elementor-section-height-default elementor-section-height-default\" data-id=\"d0580cc\" data-element_type=\"section\" data-e-type=\"section\">\n\t\t\t\t\t\t<div class=\"elementor-container elementor-column-gap-default\">\n\t\t\t\t\t<div class=\"elementor-column elementor-col-25 elementor-top-column elementor-element elementor-element-f8f2baf\" data-id=\"f8f2baf\" data-element_type=\"column\" data-e-type=\"column\">\n\t\t\t<div class=\"elementor-widget-wrap elementor-element-populated\">\n\t\t\t\t\t\t<div class=\"elementor-element elementor-element-51a2e12 elementor-widget elementor-widget-image\" data-id=\"51a2e12\" data-element_type=\"widget\" data-e-type=\"widget\" data-widget_type=\"image.default\">\n\t\t\t\t<div class=\"elementor-widget-container\">\n\t\t\t\t\t\t\t\t\t\t\t\t\t\t\t<img decoding=\"async\" width=\"474\" height=\"731\" src=\"https:\/\/i0.wp.com\/brigitta-winkelried.com\/wp-content\/uploads\/2023\/07\/winkelried_vorhang_presse-002-1.jpg?fit=474%2C731&amp;ssl=1\" class=\"attachment-large size-large wp-image-4530\" alt=\"\" srcset=\"https:\/\/i0.wp.com\/brigitta-winkelried.com\/wp-content\/uploads\/2023\/07\/winkelried_vorhang_presse-002-1.jpg?w=1576&amp;ssl=1 1576w, https:\/\/i0.wp.com\/brigitta-winkelried.com\/wp-content\/uploads\/2023\/07\/winkelried_vorhang_presse-002-1.jpg?resize=194%2C300&amp;ssl=1 194w, https:\/\/i0.wp.com\/brigitta-winkelried.com\/wp-content\/uploads\/2023\/07\/winkelried_vorhang_presse-002-1.jpg?resize=664%2C1024&amp;ssl=1 664w, https:\/\/i0.wp.com\/brigitta-winkelried.com\/wp-content\/uploads\/2023\/07\/winkelried_vorhang_presse-002-1.jpg?resize=768%2C1185&amp;ssl=1 768w, https:\/\/i0.wp.com\/brigitta-winkelried.com\/wp-content\/uploads\/2023\/07\/winkelried_vorhang_presse-002-1.jpg?resize=995%2C1536&amp;ssl=1 995w, https:\/\/i0.wp.com\/brigitta-winkelried.com\/wp-content\/uploads\/2023\/07\/winkelried_vorhang_presse-002-1.jpg?resize=1327%2C2048&amp;ssl=1 1327w, https:\/\/i0.wp.com\/brigitta-winkelried.com\/wp-content\/uploads\/2023\/07\/winkelried_vorhang_presse-002-1.jpg?resize=1200%2C1852&amp;ssl=1 1200w, https:\/\/i0.wp.com\/brigitta-winkelried.com\/wp-content\/uploads\/2023\/07\/winkelried_vorhang_presse-002-1.jpg?resize=1320%2C2037&amp;ssl=1 1320w, https:\/\/i0.wp.com\/brigitta-winkelried.com\/wp-content\/uploads\/2023\/07\/winkelried_vorhang_presse-002-1.jpg?resize=300%2C463&amp;ssl=1 300w, https:\/\/i0.wp.com\/brigitta-winkelried.com\/wp-content\/uploads\/2023\/07\/winkelried_vorhang_presse-002-1.jpg?w=1422&amp;ssl=1 1422w\" sizes=\"(max-width: 474px) 100vw, 474px\" data-attachment-id=\"4530\" data-permalink=\"https:\/\/brigitta-winkelried.com\/?attachment_id=4530\" data-orig-file=\"https:\/\/i0.wp.com\/brigitta-winkelried.com\/wp-content\/uploads\/2023\/07\/winkelried_vorhang_presse-002-1.jpg?fit=1576%2C2432&amp;ssl=1\" data-orig-size=\"1576,2432\" data-comments-opened=\"1\" data-image-meta=\"{&quot;aperture&quot;:&quot;0&quot;,&quot;credit&quot;:&quot;&quot;,&quot;camera&quot;:&quot;&quot;,&quot;caption&quot;:&quot;&quot;,&quot;created_timestamp&quot;:&quot;0&quot;,&quot;copyright&quot;:&quot;&quot;,&quot;focal_length&quot;:&quot;0&quot;,&quot;iso&quot;:&quot;0&quot;,&quot;shutter_speed&quot;:&quot;0&quot;,&quot;title&quot;:&quot;&quot;,&quot;orientation&quot;:&quot;0&quot;}\" data-image-title=\"winkelried_vorhang_presse-002-1\" data-image-description=\"\" data-image-caption=\"&lt;p&gt;Band 4: Tatort Brig &amp;#038; Visp&lt;\/p&gt;\n\" data-large-file=\"https:\/\/i0.wp.com\/brigitta-winkelried.com\/wp-content\/uploads\/2023\/07\/winkelried_vorhang_presse-002-1.jpg?fit=474%2C731&amp;ssl=1\" \/>\t\t\t\t\t\t\t\t\t\t\t\t\t\t\t<\/div>\n\t\t\t\t<\/div>\n\t\t\t\t\t<\/div>\n\t\t<\/div>\n\t\t\t\t<div class=\"elementor-column elementor-col-25 elementor-top-column elementor-element elementor-element-20e7345\" data-id=\"20e7345\" data-element_type=\"column\" data-e-type=\"column\">\n\t\t\t<div class=\"elementor-widget-wrap elementor-element-populated\">\n\t\t\t\t\t\t<div class=\"elementor-element elementor-element-aa6e4ba elementor-widget elementor-widget-image\" data-id=\"aa6e4ba\" data-element_type=\"widget\" data-e-type=\"widget\" data-widget_type=\"image.default\">\n\t\t\t\t<div class=\"elementor-widget-container\">\n\t\t\t\t\t\t\t\t\t\t\t\t\t\t\t<img decoding=\"async\" width=\"474\" height=\"720\" src=\"https:\/\/i0.wp.com\/brigitta-winkelried.com\/wp-content\/uploads\/2026\/02\/neues-Cover-Die-Vergeltung-des-Engels-Screenshot-2026-01-07-081409.png?fit=474%2C720&amp;ssl=1\" class=\"attachment-large size-large wp-image-8632\" alt=\"\" srcset=\"https:\/\/i0.wp.com\/brigitta-winkelried.com\/wp-content\/uploads\/2026\/02\/neues-Cover-Die-Vergeltung-des-Engels-Screenshot-2026-01-07-081409.png?w=913&amp;ssl=1 913w, https:\/\/i0.wp.com\/brigitta-winkelried.com\/wp-content\/uploads\/2026\/02\/neues-Cover-Die-Vergeltung-des-Engels-Screenshot-2026-01-07-081409.png?resize=197%2C300&amp;ssl=1 197w, https:\/\/i0.wp.com\/brigitta-winkelried.com\/wp-content\/uploads\/2026\/02\/neues-Cover-Die-Vergeltung-des-Engels-Screenshot-2026-01-07-081409.png?resize=674%2C1024&amp;ssl=1 674w, https:\/\/i0.wp.com\/brigitta-winkelried.com\/wp-content\/uploads\/2026\/02\/neues-Cover-Die-Vergeltung-des-Engels-Screenshot-2026-01-07-081409.png?resize=768%2C1168&amp;ssl=1 768w, https:\/\/i0.wp.com\/brigitta-winkelried.com\/wp-content\/uploads\/2026\/02\/neues-Cover-Die-Vergeltung-des-Engels-Screenshot-2026-01-07-081409.png?resize=300%2C456&amp;ssl=1 300w\" sizes=\"(max-width: 474px) 100vw, 474px\" data-attachment-id=\"8632\" data-permalink=\"https:\/\/brigitta-winkelried.com\/?attachment_id=8632\" data-orig-file=\"https:\/\/i0.wp.com\/brigitta-winkelried.com\/wp-content\/uploads\/2026\/02\/neues-Cover-Die-Vergeltung-des-Engels-Screenshot-2026-01-07-081409.png?fit=913%2C1388&amp;ssl=1\" data-orig-size=\"913,1388\" data-comments-opened=\"1\" data-image-meta=\"{&quot;aperture&quot;:&quot;0&quot;,&quot;credit&quot;:&quot;&quot;,&quot;camera&quot;:&quot;&quot;,&quot;caption&quot;:&quot;&quot;,&quot;created_timestamp&quot;:&quot;0&quot;,&quot;copyright&quot;:&quot;&quot;,&quot;focal_length&quot;:&quot;0&quot;,&quot;iso&quot;:&quot;0&quot;,&quot;shutter_speed&quot;:&quot;0&quot;,&quot;title&quot;:&quot;&quot;,&quot;orientation&quot;:&quot;0&quot;}\" data-image-title=\"neues Cover Die Vergeltung des Engels Screenshot 2026-01-07 081409\" data-image-description=\"\" data-image-caption=\"\" data-large-file=\"https:\/\/i0.wp.com\/brigitta-winkelried.com\/wp-content\/uploads\/2026\/02\/neues-Cover-Die-Vergeltung-des-Engels-Screenshot-2026-01-07-081409.png?fit=474%2C720&amp;ssl=1\" \/>\t\t\t\t\t\t\t\t\t\t\t\t\t\t\t<\/div>\n\t\t\t\t<\/div>\n\t\t\t\t\t<\/div>\n\t\t<\/div>\n\t\t\t\t<div class=\"elementor-column elementor-col-25 elementor-top-column elementor-element elementor-element-bdc9b3b\" data-id=\"bdc9b3b\" data-element_type=\"column\" data-e-type=\"column\">\n\t\t\t<div class=\"elementor-widget-wrap elementor-element-populated\">\n\t\t\t\t\t\t<div class=\"elementor-element elementor-element-be2d427 elementor-widget elementor-widget-image\" data-id=\"be2d427\" data-element_type=\"widget\" data-e-type=\"widget\" data-widget_type=\"image.default\">\n\t\t\t\t<div class=\"elementor-widget-container\">\n\t\t\t\t\t\t\t\t\t\t\t\t\t\t\t<img loading=\"lazy\" decoding=\"async\" width=\"474\" height=\"720\" src=\"https:\/\/i0.wp.com\/brigitta-winkelried.com\/wp-content\/uploads\/2021\/11\/Der-Tote-im-Wolfspelz-Cover.jpg?fit=474%2C720&amp;ssl=1\" class=\"attachment-large size-large wp-image-2870\" alt=\"\" srcset=\"https:\/\/i0.wp.com\/brigitta-winkelried.com\/wp-content\/uploads\/2021\/11\/Der-Tote-im-Wolfspelz-Cover.jpg?w=1594&amp;ssl=1 1594w, https:\/\/i0.wp.com\/brigitta-winkelried.com\/wp-content\/uploads\/2021\/11\/Der-Tote-im-Wolfspelz-Cover.jpg?resize=198%2C300&amp;ssl=1 198w, https:\/\/i0.wp.com\/brigitta-winkelried.com\/wp-content\/uploads\/2021\/11\/Der-Tote-im-Wolfspelz-Cover.jpg?resize=674%2C1024&amp;ssl=1 674w, https:\/\/i0.wp.com\/brigitta-winkelried.com\/wp-content\/uploads\/2021\/11\/Der-Tote-im-Wolfspelz-Cover.jpg?resize=768%2C1166&amp;ssl=1 768w, https:\/\/i0.wp.com\/brigitta-winkelried.com\/wp-content\/uploads\/2021\/11\/Der-Tote-im-Wolfspelz-Cover.jpg?resize=1011%2C1536&amp;ssl=1 1011w, https:\/\/i0.wp.com\/brigitta-winkelried.com\/wp-content\/uploads\/2021\/11\/Der-Tote-im-Wolfspelz-Cover.jpg?resize=1348%2C2048&amp;ssl=1 1348w, https:\/\/i0.wp.com\/brigitta-winkelried.com\/wp-content\/uploads\/2021\/11\/Der-Tote-im-Wolfspelz-Cover.jpg?resize=1320%2C2005&amp;ssl=1 1320w, https:\/\/i0.wp.com\/brigitta-winkelried.com\/wp-content\/uploads\/2021\/11\/Der-Tote-im-Wolfspelz-Cover.jpg?resize=300%2C456&amp;ssl=1 300w, https:\/\/i0.wp.com\/brigitta-winkelried.com\/wp-content\/uploads\/2021\/11\/Der-Tote-im-Wolfspelz-Cover.jpg?w=948&amp;ssl=1 948w, https:\/\/i0.wp.com\/brigitta-winkelried.com\/wp-content\/uploads\/2021\/11\/Der-Tote-im-Wolfspelz-Cover.jpg?w=1422&amp;ssl=1 1422w\" sizes=\"(max-width: 474px) 100vw, 474px\" data-attachment-id=\"2870\" data-permalink=\"https:\/\/brigitta-winkelried.com\/?attachment_id=2870\" data-orig-file=\"https:\/\/i0.wp.com\/brigitta-winkelried.com\/wp-content\/uploads\/2021\/11\/Der-Tote-im-Wolfspelz-Cover.jpg?fit=1594%2C2421&amp;ssl=1\" data-orig-size=\"1594,2421\" data-comments-opened=\"1\" data-image-meta=\"{&quot;aperture&quot;:&quot;0&quot;,&quot;credit&quot;:&quot;&quot;,&quot;camera&quot;:&quot;&quot;,&quot;caption&quot;:&quot;&quot;,&quot;created_timestamp&quot;:&quot;0&quot;,&quot;copyright&quot;:&quot;&quot;,&quot;focal_length&quot;:&quot;0&quot;,&quot;iso&quot;:&quot;0&quot;,&quot;shutter_speed&quot;:&quot;0&quot;,&quot;title&quot;:&quot;&quot;,&quot;orientation&quot;:&quot;0&quot;}\" data-image-title=\"Der Tote im Wolfspelz Cover\" data-image-description=\"\" data-image-caption=\"&lt;p&gt;Band 2: Tatort Bettmer- &amp;#038; Riederalp&lt;\/p&gt;\n\" data-large-file=\"https:\/\/i0.wp.com\/brigitta-winkelried.com\/wp-content\/uploads\/2021\/11\/Der-Tote-im-Wolfspelz-Cover.jpg?fit=474%2C720&amp;ssl=1\" \/>\t\t\t\t\t\t\t\t\t\t\t\t\t\t\t<\/div>\n\t\t\t\t<\/div>\n\t\t\t\t\t<\/div>\n\t\t<\/div>\n\t\t\t\t<div class=\"elementor-column elementor-col-25 elementor-top-column elementor-element elementor-element-5c62e1b\" data-id=\"5c62e1b\" data-element_type=\"column\" data-e-type=\"column\">\n\t\t\t<div class=\"elementor-widget-wrap elementor-element-populated\">\n\t\t\t\t\t\t<div class=\"elementor-element elementor-element-c38e0f1 elementor-widget elementor-widget-image\" data-id=\"c38e0f1\" data-element_type=\"widget\" data-e-type=\"widget\" data-widget_type=\"image.default\">\n\t\t\t\t<div class=\"elementor-widget-container\">\n\t\t\t\t\t\t\t\t\t\t\t\t\t\t\t<img loading=\"lazy\" decoding=\"async\" width=\"474\" height=\"720\" src=\"https:\/\/i0.wp.com\/brigitta-winkelried.com\/wp-content\/uploads\/2021\/03\/cover-das-wundermedikament.jpg?fit=474%2C720&amp;ssl=1\" class=\"attachment-large size-large wp-image-231\" alt=\"\" srcset=\"https:\/\/i0.wp.com\/brigitta-winkelried.com\/wp-content\/uploads\/2021\/03\/cover-das-wundermedikament.jpg?w=1386&amp;ssl=1 1386w, https:\/\/i0.wp.com\/brigitta-winkelried.com\/wp-content\/uploads\/2021\/03\/cover-das-wundermedikament.jpg?w=948&amp;ssl=1 948w\" sizes=\"(max-width: 474px) 100vw, 474px\" data-attachment-id=\"231\" data-permalink=\"https:\/\/brigitta-winkelried.com\/?attachment_id=231\" data-orig-file=\"https:\/\/i0.wp.com\/brigitta-winkelried.com\/wp-content\/uploads\/2021\/03\/cover-das-wundermedikament.jpg?fit=1386%2C2105&amp;ssl=1\" data-orig-size=\"1386,2105\" data-comments-opened=\"1\" data-image-meta=\"{&quot;aperture&quot;:&quot;0&quot;,&quot;credit&quot;:&quot;&quot;,&quot;camera&quot;:&quot;&quot;,&quot;caption&quot;:&quot;&quot;,&quot;created_timestamp&quot;:&quot;0&quot;,&quot;copyright&quot;:&quot;&quot;,&quot;focal_length&quot;:&quot;0&quot;,&quot;iso&quot;:&quot;0&quot;,&quot;shutter_speed&quot;:&quot;0&quot;,&quot;title&quot;:&quot;&quot;,&quot;orientation&quot;:&quot;0&quot;}\" data-image-title=\"cover-das-wundermedikament\" data-image-description=\"\" data-image-caption=\"&lt;p&gt;Band 1: Tatort Brig &amp;#038; Naters&lt;\/p&gt;\n\" data-large-file=\"https:\/\/i0.wp.com\/brigitta-winkelried.com\/wp-content\/uploads\/2021\/03\/cover-das-wundermedikament.jpg?fit=474%2C720&amp;ssl=1\" \/>\t\t\t\t\t\t\t\t\t\t\t\t\t\t\t<\/div>\n\t\t\t\t<\/div>\n\t\t\t\t\t<\/div>\n\t\t<\/div>\n\t\t\t\t\t<\/div>\n\t\t<\/section>\n\t\t\t\t<section class=\"elementor-section elementor-top-section elementor-element elementor-element-4938128 elementor-section-boxed elementor-section-height-default elementor-section-height-default\" data-id=\"4938128\" data-element_type=\"section\" data-e-type=\"section\">\n\t\t\t\t\t\t<div class=\"elementor-container elementor-column-gap-default\">\n\t\t\t\t\t<div class=\"elementor-column elementor-col-100 elementor-top-column elementor-element elementor-element-2189dbb\" data-id=\"2189dbb\" data-element_type=\"column\" data-e-type=\"column\">\n\t\t\t<div class=\"elementor-widget-wrap elementor-element-populated\">\n\t\t\t\t\t\t<div class=\"elementor-element elementor-element-5d18987 elementor-widget elementor-widget-heading\" data-id=\"5d18987\" data-element_type=\"widget\" data-e-type=\"widget\" data-widget_type=\"heading.default\">\n\t\t\t\t<div class=\"elementor-widget-container\">\n\t\t\t\t\t<h2 class=\"elementor-heading-title elementor-size-default\">N\u00e4chste Veranstaltung:<br><\/h2>\t\t\t\t<\/div>\n\t\t\t\t<\/div>\n\t\t\t\t<div class=\"elementor-element elementor-element-789468b elementor-widget elementor-widget-image\" data-id=\"789468b\" data-element_type=\"widget\" data-e-type=\"widget\" data-widget_type=\"image.default\">\n\t\t\t\t<div class=\"elementor-widget-container\">\n\t\t\t\t\t\t\t\t\t\t\t\t\t\t\t<img loading=\"lazy\" decoding=\"async\" width=\"474\" height=\"711\" src=\"https:\/\/i0.wp.com\/brigitta-winkelried.com\/wp-content\/uploads\/2026\/08\/Krimi-Apero-Grand-Hotel-Zermatterhof-10.09.26.jpg?fit=474%2C711&amp;ssl=1\" class=\"attachment-large size-large wp-image-8991\" alt=\"\" srcset=\"https:\/\/i0.wp.com\/brigitta-winkelried.com\/wp-content\/uploads\/2026\/08\/Krimi-Apero-Grand-Hotel-Zermatterhof-10.09.26.jpg?w=1024&amp;ssl=1 1024w, https:\/\/i0.wp.com\/brigitta-winkelried.com\/wp-content\/uploads\/2026\/08\/Krimi-Apero-Grand-Hotel-Zermatterhof-10.09.26.jpg?resize=200%2C300&amp;ssl=1 200w, https:\/\/i0.wp.com\/brigitta-winkelried.com\/wp-content\/uploads\/2026\/08\/Krimi-Apero-Grand-Hotel-Zermatterhof-10.09.26.jpg?resize=683%2C1024&amp;ssl=1 683w, https:\/\/i0.wp.com\/brigitta-winkelried.com\/wp-content\/uploads\/2026\/08\/Krimi-Apero-Grand-Hotel-Zermatterhof-10.09.26.jpg?resize=768%2C1152&amp;ssl=1 768w, https:\/\/i0.wp.com\/brigitta-winkelried.com\/wp-content\/uploads\/2026\/08\/Krimi-Apero-Grand-Hotel-Zermatterhof-10.09.26.jpg?resize=300%2C450&amp;ssl=1 300w, https:\/\/i0.wp.com\/brigitta-winkelried.com\/wp-content\/uploads\/2026\/08\/Krimi-Apero-Grand-Hotel-Zermatterhof-10.09.26.jpg?w=948&amp;ssl=1 948w\" sizes=\"(max-width: 474px) 100vw, 474px\" data-attachment-id=\"8991\" data-permalink=\"https:\/\/brigitta-winkelried.com\/?attachment_id=8991\" data-orig-file=\"https:\/\/i0.wp.com\/brigitta-winkelried.com\/wp-content\/uploads\/2026\/08\/Krimi-Apero-Grand-Hotel-Zermatterhof-10.09.26.jpg?fit=1024%2C1536&amp;ssl=1\" data-orig-size=\"1024,1536\" data-comments-opened=\"1\" data-image-meta=\"{&quot;aperture&quot;:&quot;0&quot;,&quot;credit&quot;:&quot;&quot;,&quot;camera&quot;:&quot;&quot;,&quot;caption&quot;:&quot;&quot;,&quot;created_timestamp&quot;:&quot;0&quot;,&quot;copyright&quot;:&quot;&quot;,&quot;focal_length&quot;:&quot;0&quot;,&quot;iso&quot;:&quot;0&quot;,&quot;shutter_speed&quot;:&quot;0&quot;,&quot;title&quot;:&quot;&quot;,&quot;orientation&quot;:&quot;0&quot;,&quot;alt&quot;:&quot;&quot;}\" data-image-title=\"Krimi-Apero Grand Hotel Zermatterhof 10.09.26\" data-image-description=\"\" data-image-caption=\"\" data-large-file=\"https:\/\/i0.wp.com\/brigitta-winkelried.com\/wp-content\/uploads\/2026\/08\/Krimi-Apero-Grand-Hotel-Zermatterhof-10.09.26.jpg?fit=474%2C711&amp;ssl=1\" \/>\t\t\t\t\t\t\t\t\t\t\t\t\t\t\t<\/div>\n\t\t\t\t<\/div>\n\t\t\t\t\t<\/div>\n\t\t<\/div>\n\t\t\t\t\t<\/div>\n\t\t<\/section>\n\t\t\t\t<section class=\"elementor-section elementor-top-section elementor-element elementor-element-b3dbaff elementor-section-boxed elementor-section-height-default elementor-section-height-default\" data-id=\"b3dbaff\" data-element_type=\"section\" data-e-type=\"section\">\n\t\t\t\t\t\t<div class=\"elementor-container elementor-column-gap-default\">\n\t\t\t\t\t<div class=\"elementor-column elementor-col-100 elementor-top-column elementor-element elementor-element-70036ddf\" data-id=\"70036ddf\" data-element_type=\"column\" data-e-type=\"column\">\n\t\t\t<div class=\"elementor-widget-wrap elementor-element-populated\">\n\t\t\t\t\t\t<div class=\"elementor-element elementor-element-3345acc0 elementor-widget elementor-widget-text-editor\" data-id=\"3345acc0\" data-element_type=\"widget\" data-e-type=\"widget\" data-widget_type=\"text-editor.default\">\n\t\t\t\t<div class=\"elementor-widget-container\">\n\t\t\t\t\t\t\t\t\t<div class=\"wp-block-group alignfull has-background-background-color has-background\">\n<p><\/p>\n<p><\/p>\n<p class=\"wp-block-paragraph\"><\/p>\n<p class=\"wp-block-paragraph\" style=\"text-align: center;\"><a class=\"wp-block-button__link has-white-color has-vivid-cyan-blue-to-vivid-purple-gradient-background has-text-color has-background wp-element-button\" href=\"https:\/\/brigitta-winkelried.com\/?page_id=7\">Mehr Erfahren<\/a><\/p>\n<\/div>\n<div class=\"wp-block-buttons\">\n<p><\/p>\n<\/div>\n<p><!-- \/wp:buttons --><!-- wp:heading {\"textAlign\":\"center\",\"className\":\"wp-block-heading\",\"customFontSize\":40} --><\/p>\n<h2 id=\"figuren\" class=\"wp-block-heading has-text-align-center\" style=\"font-size: 40px;\">meine Figuren<\/h2>\n<p><!-- \/wp:heading --><!-- wp:paragraph --><\/p>\n<p>Das Ermittlerteam arbeitet von Brig aus,\u00a0 der kleinen Alpenstadt\u00a0 in einem s\u00fcdlichen Alpental der Schweiz.<\/p>\n<p><!-- \/wp:paragraph --><!-- wp:paragraph --><\/p>\n<p><!-- \/wp:paragraph --><!-- wp:image {\"id\":2868,\"sizeSlug\":\"large\",\"linkDestination\":\"none\",\"className\":\"is-style-default\"} --><\/p>\n<figure class=\"wp-block-image size-large is-style-default\"><img loading=\"lazy\" decoding=\"async\" data-attachment-id=\"8953\" data-permalink=\"https:\/\/brigitta-winkelried.com\/?attachment_id=8953\" data-orig-file=\"https:\/\/i0.wp.com\/brigitta-winkelried.com\/wp-content\/uploads\/2026\/07\/Screenshot-2026-03-16-090147.png?fit=1212%2C622&amp;ssl=1\" data-orig-size=\"1212,622\" data-comments-opened=\"1\" data-image-meta=\"{&quot;aperture&quot;:&quot;0&quot;,&quot;credit&quot;:&quot;&quot;,&quot;camera&quot;:&quot;&quot;,&quot;caption&quot;:&quot;&quot;,&quot;created_timestamp&quot;:&quot;0&quot;,&quot;copyright&quot;:&quot;&quot;,&quot;focal_length&quot;:&quot;0&quot;,&quot;iso&quot;:&quot;0&quot;,&quot;shutter_speed&quot;:&quot;0&quot;,&quot;title&quot;:&quot;&quot;,&quot;orientation&quot;:&quot;0&quot;,&quot;alt&quot;:&quot;&quot;}\" data-image-title=\"Screenshot 2026-03-16 090147\" data-image-description=\"\" data-image-caption=\"\" data-large-file=\"https:\/\/i0.wp.com\/brigitta-winkelried.com\/wp-content\/uploads\/2026\/07\/Screenshot-2026-03-16-090147.png?fit=474%2C243&amp;ssl=1\" data-recalc-dims=\"1\" class=\"alignnone wp-image-8953 size-full\" src=\"https:\/\/i0.wp.com\/brigitta-winkelried.com\/wp-content\/uploads\/2026\/07\/Screenshot-2026-03-16-090147.png?resize=474%2C243&#038;ssl=1\" alt=\"\" width=\"474\" height=\"243\" srcset=\"https:\/\/i0.wp.com\/brigitta-winkelried.com\/wp-content\/uploads\/2026\/07\/Screenshot-2026-03-16-090147.png?w=1212&amp;ssl=1 1212w, https:\/\/i0.wp.com\/brigitta-winkelried.com\/wp-content\/uploads\/2026\/07\/Screenshot-2026-03-16-090147.png?resize=300%2C154&amp;ssl=1 300w, https:\/\/i0.wp.com\/brigitta-winkelried.com\/wp-content\/uploads\/2026\/07\/Screenshot-2026-03-16-090147.png?resize=1024%2C526&amp;ssl=1 1024w, https:\/\/i0.wp.com\/brigitta-winkelried.com\/wp-content\/uploads\/2026\/07\/Screenshot-2026-03-16-090147.png?resize=768%2C394&amp;ssl=1 768w, https:\/\/i0.wp.com\/brigitta-winkelried.com\/wp-content\/uploads\/2026\/07\/Screenshot-2026-03-16-090147.png?w=948&amp;ssl=1 948w\" sizes=\"(max-width: 474px) 100vw, 474px\" \/><\/figure>\n<p><!-- \/wp:image --><!-- wp:buttons --><\/p>\n<div class=\"wp-block-buttons\">\n<p><!-- wp:button {\"gradient\":\"vivid-cyan-blue-to-vivid-purple\",\"width\":50,\"className\":\"is-style-3d\"} --><\/p>\n<div class=\"wp-block-button has-custom-width wp-block-button__width-50 is-style-3d\"><a class=\"wp-block-button__link has-vivid-cyan-blue-to-vivid-purple-gradient-background has-background wp-element-button\" href=\"https:\/\/brigitta-winkelried.com\/?page_id=158\">Mehr Erfahren<\/a><\/div>\n<p><!-- \/wp:button --><\/p>\n<\/div>\n<p><!-- \/wp:buttons --><!-- wp:heading {\"textAlign\":\"center\",\"className\":\"wp-block-heading\",\"customFontSize\":40} --><\/p>\n<h2 id=\"blogbeitrage\" class=\"wp-block-heading has-text-align-center\" style=\"font-size: 40px;\"><strong>Blog<\/strong>beitr\u00e4ge<\/h2>\n<p><!-- \/wp:heading --><!-- wp:paragraph --><\/p>\n<p style=\"text-align: center;\">Tauche ein in meinen Blog &#8211; mit Videos und Texten rund um Krimis und vielen weiteren spannenden Themen.<\/p>\n<p style=\"text-align: center;\">Die Videos findest du eingebettet in den Texten.<\/p>\n<p><!-- \/wp:paragraph --><!-- wp:image {\"id\":1681,\"sizeSlug\":\"large\",\"linkDestination\":\"none\",\"className\":\"is-style-default\"} --><\/p>\n<figure class=\"wp-block-image size-large is-style-default\" data-wp-editing=\"1\"><img loading=\"lazy\" decoding=\"async\" data-attachment-id=\"8148\" data-permalink=\"https:\/\/brigitta-winkelried.com\/?attachment_id=8148\" data-orig-file=\"https:\/\/i0.wp.com\/brigitta-winkelried.com\/wp-content\/uploads\/2025\/10\/Snapshot_2-1.jpg?fit=1920%2C1080&amp;ssl=1\" data-orig-size=\"1920,1080\" data-comments-opened=\"1\" data-image-meta=\"{&quot;aperture&quot;:&quot;0&quot;,&quot;credit&quot;:&quot;&quot;,&quot;camera&quot;:&quot;&quot;,&quot;caption&quot;:&quot;&quot;,&quot;created_timestamp&quot;:&quot;0&quot;,&quot;copyright&quot;:&quot;&quot;,&quot;focal_length&quot;:&quot;0&quot;,&quot;iso&quot;:&quot;0&quot;,&quot;shutter_speed&quot;:&quot;0&quot;,&quot;title&quot;:&quot;&quot;,&quot;orientation&quot;:&quot;0&quot;}\" data-image-title=\"Snapshot_2\" data-image-description=\"\" data-image-caption=\"\" data-large-file=\"https:\/\/i0.wp.com\/brigitta-winkelried.com\/wp-content\/uploads\/2025\/10\/Snapshot_2-1.jpg?fit=474%2C267&amp;ssl=1\" data-recalc-dims=\"1\" class=\"alignnone wp-image-8148 size-full\" src=\"https:\/\/i0.wp.com\/brigitta-winkelried.com\/wp-content\/uploads\/2025\/10\/Snapshot_2-1.jpg?resize=474%2C267&#038;ssl=1\" alt=\"\" width=\"474\" height=\"267\" srcset=\"https:\/\/i0.wp.com\/brigitta-winkelried.com\/wp-content\/uploads\/2025\/10\/Snapshot_2-1.jpg?w=1920&amp;ssl=1 1920w, https:\/\/i0.wp.com\/brigitta-winkelried.com\/wp-content\/uploads\/2025\/10\/Snapshot_2-1.jpg?resize=300%2C169&amp;ssl=1 300w, https:\/\/i0.wp.com\/brigitta-winkelried.com\/wp-content\/uploads\/2025\/10\/Snapshot_2-1.jpg?resize=1024%2C576&amp;ssl=1 1024w, https:\/\/i0.wp.com\/brigitta-winkelried.com\/wp-content\/uploads\/2025\/10\/Snapshot_2-1.jpg?resize=768%2C432&amp;ssl=1 768w, https:\/\/i0.wp.com\/brigitta-winkelried.com\/wp-content\/uploads\/2025\/10\/Snapshot_2-1.jpg?resize=1536%2C864&amp;ssl=1 1536w, https:\/\/i0.wp.com\/brigitta-winkelried.com\/wp-content\/uploads\/2025\/10\/Snapshot_2-1.jpg?resize=1320%2C743&amp;ssl=1 1320w, https:\/\/i0.wp.com\/brigitta-winkelried.com\/wp-content\/uploads\/2025\/10\/Snapshot_2-1.jpg?w=948&amp;ssl=1 948w, https:\/\/i0.wp.com\/brigitta-winkelried.com\/wp-content\/uploads\/2025\/10\/Snapshot_2-1.jpg?w=1422&amp;ssl=1 1422w\" sizes=\"(max-width: 474px) 100vw, 474px\" \/>\n<p>\u00a0<\/p>\n<figcaption class=\"wp-element-caption\">Das Schweizer Krimifestival. Ein Thema von vielen. 2025 fand das Festival am 18. Oktober in Bern statt, im Hotel &amp; Theater National.<\/figcaption>\n<\/figure>\n<p><!-- \/wp:image --><!-- wp:buttons {\"layout\":{\"type\":\"flex\",\"orientation\":\"horizontal\"}} --><\/p>\n<div id=\"https:\/\/brigitta-winkelried.com\/?page_id=925\" class=\"wp-block-buttons\">\n<p><!-- wp:button {\"gradient\":\"vivid-cyan-blue-to-vivid-purple\",\"width\":50,\"className\":\"is-style-3d\"} --><\/p>\n<div class=\"wp-block-button has-custom-width wp-block-button__width-50 is-style-3d\"><a class=\"wp-block-button__link has-vivid-cyan-blue-to-vivid-purple-gradient-background has-background wp-element-button\" href=\"https:\/\/youtu.be\/Ey920g-taEM\">Mehr Erfahren<\/a><\/div>\n<p><!-- \/wp:button --><\/p>\n<\/div>\n<p><!-- \/wp:buttons --><!-- wp:heading {\"textAlign\":\"center\",\"className\":\"wp-block-heading\",\"customFontSize\":40} --><\/p>\n<h2 id=\"autorin\" class=\"wp-block-heading has-text-align-center\" style=\"font-size: 40px;\">Autorin<\/h2>\n<p><!-- \/wp:heading --><!-- wp:paragraph --><\/p>\n<p>Erfahre mehr \u00fcber mich, meinen Partner, Coach und Erstleser &amp; Lektor.<\/p>\n<p><!-- \/wp:paragraph --><!-- wp:paragraph --><\/p>\n<p><!-- \/wp:paragraph --><!-- wp:image {\"id\":432,\"sizeSlug\":\"full\",\"linkDestination\":\"none\",\"className\":\"is-style-default\"} --><\/p>\n<figure class=\"wp-block-image size-full is-style-default\"><img loading=\"lazy\" decoding=\"async\" data-attachment-id=\"8957\" data-permalink=\"https:\/\/brigitta-winkelried.com\/?attachment_id=8957\" data-orig-file=\"https:\/\/i0.wp.com\/brigitta-winkelried.com\/wp-content\/uploads\/2026\/07\/alte_post_arpil_2026_24.jpg?fit=3680%2C2456&amp;ssl=1\" data-orig-size=\"3680,2456\" data-comments-opened=\"1\" data-image-meta=\"{&quot;aperture&quot;:&quot;5.6&quot;,&quot;credit&quot;:&quot;&quot;,&quot;camera&quot;:&quot;NIKON D810&quot;,&quot;caption&quot;:&quot;&quot;,&quot;created_timestamp&quot;:&quot;1776970268&quot;,&quot;copyright&quot;:&quot;&quot;,&quot;focal_length&quot;:&quot;70&quot;,&quot;iso&quot;:&quot;1100&quot;,&quot;shutter_speed&quot;:&quot;0.008&quot;,&quot;title&quot;:&quot;&quot;,&quot;orientation&quot;:&quot;1&quot;,&quot;alt&quot;:&quot;&quot;}\" data-image-title=\"alte_post_arpil_2026_24\" data-image-description=\"\" data-image-caption=\"\" data-large-file=\"https:\/\/i0.wp.com\/brigitta-winkelried.com\/wp-content\/uploads\/2026\/07\/alte_post_arpil_2026_24.jpg?fit=474%2C316&amp;ssl=1\" data-recalc-dims=\"1\" class=\"alignnone wp-image-8957 size-full\" src=\"https:\/\/i0.wp.com\/brigitta-winkelried.com\/wp-content\/uploads\/2026\/07\/alte_post_arpil_2026_24.jpg?resize=474%2C316&#038;ssl=1\" alt=\"\" width=\"474\" height=\"316\" srcset=\"https:\/\/i0.wp.com\/brigitta-winkelried.com\/wp-content\/uploads\/2026\/07\/alte_post_arpil_2026_24.jpg?w=3680&amp;ssl=1 3680w, https:\/\/i0.wp.com\/brigitta-winkelried.com\/wp-content\/uploads\/2026\/07\/alte_post_arpil_2026_24.jpg?resize=300%2C200&amp;ssl=1 300w, https:\/\/i0.wp.com\/brigitta-winkelried.com\/wp-content\/uploads\/2026\/07\/alte_post_arpil_2026_24.jpg?resize=1024%2C683&amp;ssl=1 1024w, https:\/\/i0.wp.com\/brigitta-winkelried.com\/wp-content\/uploads\/2026\/07\/alte_post_arpil_2026_24.jpg?resize=768%2C513&amp;ssl=1 768w, https:\/\/i0.wp.com\/brigitta-winkelried.com\/wp-content\/uploads\/2026\/07\/alte_post_arpil_2026_24.jpg?resize=1536%2C1025&amp;ssl=1 1536w, https:\/\/i0.wp.com\/brigitta-winkelried.com\/wp-content\/uploads\/2026\/07\/alte_post_arpil_2026_24.jpg?resize=2048%2C1367&amp;ssl=1 2048w, https:\/\/i0.wp.com\/brigitta-winkelried.com\/wp-content\/uploads\/2026\/07\/alte_post_arpil_2026_24.jpg?resize=1320%2C881&amp;ssl=1 1320w, https:\/\/i0.wp.com\/brigitta-winkelried.com\/wp-content\/uploads\/2026\/07\/alte_post_arpil_2026_24.jpg?w=948&amp;ssl=1 948w, https:\/\/i0.wp.com\/brigitta-winkelried.com\/wp-content\/uploads\/2026\/07\/alte_post_arpil_2026_24.jpg?w=1422&amp;ssl=1 1422w\" sizes=\"(max-width: 474px) 100vw, 474px\" \/><\/figure>\n<p><!-- \/wp:image --><!-- wp:buttons --><\/p>\n<div class=\"wp-block-buttons\">\n<p><!-- wp:button {\"gradient\":\"vivid-cyan-blue-to-vivid-purple\",\"className\":\"is-style-3d\"} --><\/p>\n<div class=\"wp-block-button is-style-3d\"><a class=\"wp-block-button__link has-vivid-cyan-blue-to-vivid-purple-gradient-background has-background wp-element-button\" href=\"https:\/\/brigitta-winkelried.com\/?page_id=745\">Mehr Erfahren<\/a><\/div>\n<p><!-- \/wp:button --><\/p>\n<\/div>\n<p><!-- \/wp:buttons --><!-- wp:heading {\"textAlign\":\"center\",\"className\":\"wp-block-heading\",\"customFontSize\":40} --><\/p>\n<h2 id=\"hintergrund-zu-den-hauptthemen-in-den-krimis\" class=\"wp-block-heading has-text-align-center\" style=\"font-size: 40px;\">Themen in den Krimis<\/h2>\n<p><!-- \/wp:heading --><!-- wp:paragraph --><\/p>\n<p>Die Verbrechen in meinen Krimis stehen jeweils\u00a0 im Zusammenhang mit einem gr\u00f6sseren Thema, zum Beispiel die\u00a0 Problematik um den Wolf in Band 2 (&#8222;Der Tote im Wolfspelz&#8220;) oder Drogenhandel in Band 4\u00a0 (&#8222;Mord hinter dem Vorhang&#8220;).<\/p>\n<p>Um die Zusammenh\u00e4nge besser zu verstehen findest du mehr Informationen:<\/p>\n<p><!-- \/wp:paragraph --><!-- wp:buttons --><\/p>\n<div class=\"wp-block-buttons\">\n<p><!-- wp:button {\"gradient\":\"vivid-cyan-blue-to-vivid-purple\",\"width\":50,\"className\":\"is-style-3d\"} --><\/p>\n<div class=\"wp-block-button has-custom-width wp-block-button__width-50 is-style-3d\"><a class=\"wp-block-button__link has-vivid-cyan-blue-to-vivid-purple-gradient-background has-background wp-element-button\" href=\"https:\/\/brigitta-winkelried.com\/?page_id=62\">Mehr Erfahren<\/a><\/div>\n<p><!-- \/wp:button --><\/p>\n<\/div>\n<p><!-- \/wp:buttons --><!-- wp:image {\"id\":2876,\"sizeSlug\":\"large\",\"linkDestination\":\"none\",\"className\":\"is-style-default\"} --><\/p>\n<figure class=\"wp-block-image size-large is-style-default\"><img loading=\"lazy\" decoding=\"async\" data-attachment-id=\"4349\" data-permalink=\"https:\/\/brigitta-winkelried.com\/?attachment_id=4349\" data-orig-file=\"https:\/\/i0.wp.com\/brigitta-winkelried.com\/wp-content\/uploads\/2023\/05\/titel-ischi-sprach.png?fit=3454%2C1723&amp;ssl=1\" data-orig-size=\"3454,1723\" data-comments-opened=\"1\" data-image-meta=\"{&quot;aperture&quot;:&quot;0&quot;,&quot;credit&quot;:&quot;&quot;,&quot;camera&quot;:&quot;&quot;,&quot;caption&quot;:&quot;&quot;,&quot;created_timestamp&quot;:&quot;0&quot;,&quot;copyright&quot;:&quot;&quot;,&quot;focal_length&quot;:&quot;0&quot;,&quot;iso&quot;:&quot;0&quot;,&quot;shutter_speed&quot;:&quot;0&quot;,&quot;title&quot;:&quot;&quot;,&quot;orientation&quot;:&quot;0&quot;}\" data-image-title=\"titel ischi sprach\" data-image-description=\"\" data-image-caption=\"\" data-large-file=\"https:\/\/i0.wp.com\/brigitta-winkelried.com\/wp-content\/uploads\/2023\/05\/titel-ischi-sprach.png?fit=474%2C237&amp;ssl=1\" data-recalc-dims=\"1\" class=\"wp-image-4349 size-medium aligncenter\" src=\"https:\/\/i0.wp.com\/brigitta-winkelried.com\/wp-content\/uploads\/2023\/05\/titel-ischi-sprach.png?resize=300%2C150&#038;ssl=1\" alt=\"\" width=\"300\" height=\"150\" srcset=\"https:\/\/i0.wp.com\/brigitta-winkelried.com\/wp-content\/uploads\/2023\/05\/titel-ischi-sprach.png?w=3454&amp;ssl=1 3454w, https:\/\/i0.wp.com\/brigitta-winkelried.com\/wp-content\/uploads\/2023\/05\/titel-ischi-sprach.png?resize=300%2C150&amp;ssl=1 300w, https:\/\/i0.wp.com\/brigitta-winkelried.com\/wp-content\/uploads\/2023\/05\/titel-ischi-sprach.png?resize=1024%2C511&amp;ssl=1 1024w, https:\/\/i0.wp.com\/brigitta-winkelried.com\/wp-content\/uploads\/2023\/05\/titel-ischi-sprach.png?resize=768%2C383&amp;ssl=1 768w, https:\/\/i0.wp.com\/brigitta-winkelried.com\/wp-content\/uploads\/2023\/05\/titel-ischi-sprach.png?resize=1536%2C766&amp;ssl=1 1536w, https:\/\/i0.wp.com\/brigitta-winkelried.com\/wp-content\/uploads\/2023\/05\/titel-ischi-sprach.png?resize=2048%2C1022&amp;ssl=1 2048w, https:\/\/i0.wp.com\/brigitta-winkelried.com\/wp-content\/uploads\/2023\/05\/titel-ischi-sprach.png?resize=1200%2C599&amp;ssl=1 1200w, https:\/\/i0.wp.com\/brigitta-winkelried.com\/wp-content\/uploads\/2023\/05\/titel-ischi-sprach.png?resize=1320%2C658&amp;ssl=1 1320w, https:\/\/i0.wp.com\/brigitta-winkelried.com\/wp-content\/uploads\/2023\/05\/titel-ischi-sprach.png?w=948&amp;ssl=1 948w, https:\/\/i0.wp.com\/brigitta-winkelried.com\/wp-content\/uploads\/2023\/05\/titel-ischi-sprach.png?w=1422&amp;ssl=1 1422w\" sizes=\"(max-width: 300px) 100vw, 300px\" \/><\/figure>\n<p><!-- \/wp:image --><!-- wp:paragraph --><\/p>\n<p><!-- \/wp:paragraph --><!-- wp:heading {\"textAlign\":\"center\",\"className\":\"wp-block-heading\",\"customFontSize\":40} --><\/p>\n<h2 id=\"kontakt-impressum\" class=\"wp-block-heading has-text-align-center\" style=\"font-size: 40px;\">Kontakt \/ Impressum<\/h2>\n<p><!-- \/wp:heading --><!-- wp:paragraph --><\/p>\n<p><!-- \/wp:paragraph --><!-- wp:paragraph --><\/p>\n<p>Ich freue mich auf deine Nachricht, deine Anregungen, deine Kommentare. Scheue dich nicht, mit mir Kontakt aufzunehmen. Und falls du ein Buch mit Signatur und Widmung haben k\u00f6nntest, z\u00f6gere nicht, mir zu schreiben.<\/p>\n<p><!-- \/wp:paragraph --><!-- wp:buttons --><\/p>\n<div class=\"wp-block-buttons\">\n<p><!-- wp:button {\"gradient\":\"vivid-cyan-blue-to-vivid-purple\",\"className\":\"is-style-3d\"} --><\/p>\n<div class=\"wp-block-button is-style-3d\"><a class=\"wp-block-button__link has-vivid-cyan-blue-to-vivid-purple-gradient-background has-background wp-element-button\" href=\"https:\/\/brigitta-winkelried.com\/?page_id=9\">Hier geht&#8217;s zu meinen Kontaktdaten<\/a><\/div>\n<p><!-- \/wp:button --><\/p>\n<\/div>\n<p><!-- \/wp:buttons --><!-- wp:paragraph --><\/p>\n<p><!-- \/wp:paragraph --><!-- wp:image {\"id\":3080,\"sizeSlug\":\"large\",\"linkDestination\":\"none\",\"className\":\"is-style-default\"} --><\/p>\n<figure class=\"wp-block-image size-large is-style-default\"><img loading=\"lazy\" decoding=\"async\" data-attachment-id=\"8963\" data-permalink=\"https:\/\/brigitta-winkelried.com\/?attachment_id=8963\" data-orig-file=\"https:\/\/i0.wp.com\/brigitta-winkelried.com\/wp-content\/uploads\/2026\/07\/alte_post_arpil_2026_58.jpg?fit=3680%2C2456&amp;ssl=1\" data-orig-size=\"3680,2456\" data-comments-opened=\"1\" data-image-meta=\"{&quot;aperture&quot;:&quot;8&quot;,&quot;credit&quot;:&quot;&quot;,&quot;camera&quot;:&quot;NIKON D810&quot;,&quot;caption&quot;:&quot;&quot;,&quot;created_timestamp&quot;:&quot;1776974316&quot;,&quot;copyright&quot;:&quot;&quot;,&quot;focal_length&quot;:&quot;58&quot;,&quot;iso&quot;:&quot;1100&quot;,&quot;shutter_speed&quot;:&quot;0.033333333333333&quot;,&quot;title&quot;:&quot;&quot;,&quot;orientation&quot;:&quot;1&quot;,&quot;alt&quot;:&quot;&quot;}\" data-image-title=\"alte_post_arpil_2026_58\" data-image-description=\"\" data-image-caption=\"\" data-large-file=\"https:\/\/i0.wp.com\/brigitta-winkelried.com\/wp-content\/uploads\/2026\/07\/alte_post_arpil_2026_58.jpg?fit=474%2C316&amp;ssl=1\" data-recalc-dims=\"1\" class=\"alignnone wp-image-8963 size-full\" src=\"https:\/\/i0.wp.com\/brigitta-winkelried.com\/wp-content\/uploads\/2026\/07\/alte_post_arpil_2026_58.jpg?resize=474%2C316&#038;ssl=1\" alt=\"\" width=\"474\" height=\"316\" srcset=\"https:\/\/i0.wp.com\/brigitta-winkelried.com\/wp-content\/uploads\/2026\/07\/alte_post_arpil_2026_58.jpg?w=3680&amp;ssl=1 3680w, https:\/\/i0.wp.com\/brigitta-winkelried.com\/wp-content\/uploads\/2026\/07\/alte_post_arpil_2026_58.jpg?resize=300%2C200&amp;ssl=1 300w, https:\/\/i0.wp.com\/brigitta-winkelried.com\/wp-content\/uploads\/2026\/07\/alte_post_arpil_2026_58.jpg?resize=1024%2C683&amp;ssl=1 1024w, https:\/\/i0.wp.com\/brigitta-winkelried.com\/wp-content\/uploads\/2026\/07\/alte_post_arpil_2026_58.jpg?resize=768%2C513&amp;ssl=1 768w, https:\/\/i0.wp.com\/brigitta-winkelried.com\/wp-content\/uploads\/2026\/07\/alte_post_arpil_2026_58.jpg?resize=1536%2C1025&amp;ssl=1 1536w, https:\/\/i0.wp.com\/brigitta-winkelried.com\/wp-content\/uploads\/2026\/07\/alte_post_arpil_2026_58.jpg?resize=2048%2C1367&amp;ssl=1 2048w, https:\/\/i0.wp.com\/brigitta-winkelried.com\/wp-content\/uploads\/2026\/07\/alte_post_arpil_2026_58.jpg?resize=1320%2C881&amp;ssl=1 1320w, https:\/\/i0.wp.com\/brigitta-winkelried.com\/wp-content\/uploads\/2026\/07\/alte_post_arpil_2026_58.jpg?w=948&amp;ssl=1 948w, https:\/\/i0.wp.com\/brigitta-winkelried.com\/wp-content\/uploads\/2026\/07\/alte_post_arpil_2026_58.jpg?w=1422&amp;ssl=1 1422w\" sizes=\"(max-width: 474px) 100vw, 474px\" \/><\/figure>\n<p><!-- \/wp:image --><!-- wp:heading {\"textAlign\":\"left\",\"textColor\":\"black\",\"className\":\"wp-block-heading\",\"customFontSize\":40} --><\/p>\n<h2 id=\"newsletter\" class=\"wp-block-heading has-text-align-left has-black-color has-text-color\" style=\"font-size: 40px;\"><strong><span class=\"has-inline-color\" style=\"background-color: rgba(0, 0, 0, 0); color: #c8133e;\">Newsletter<\/span><\/strong><\/h2>\n<p><!-- \/wp:heading --><!-- wp:paragraph --><\/p>\n<p>Wenn ich einen neuen Blog ver\u00f6ffentlicht habe, erf\u00e4hrst du unmittelbar davon.\u00a0 Wenn du \u00fcber Neuigkeiten zu meinem neuesten Krimi informiert werden willst, z\u00f6gere nicht, meinen Newsletter zu abonnieren.<\/p>\n<p><!-- \/wp:paragraph --><!-- wp:paragraph --><\/p>\n<p><!-- \/wp:paragraph --><!-- wp:paragraph --><\/p>\n<p><!-- \/wp:paragraph --><!-- wp:paragraph --><\/p>\n<p><!-- \/wp:paragraph --><!-- wp:buttons --><\/p>\n<div class=\"wp-block-buttons\">\n<p><!-- wp:button {\"gradient\":\"vivid-cyan-blue-to-vivid-purple\",\"className\":\"is-style-3d\",\"animation\":\"slideInLeft\"} --><\/p>\n<div class=\"wp-block-button is-style-3d coblocks-animate\" data-coblocks-animation=\"slideInLeft\"><a class=\"wp-block-button__link has-vivid-cyan-blue-to-vivid-purple-gradient-background has-background wp-element-button\" href=\"https:\/\/brigitta-winkelried.com\/wp-admin\/post.php?post=2268&amp;action=edit&amp;calypsoify=1\">Newsletter Abonnieren -&gt;<\/a><\/div>\n<p><!-- \/wp:button --><\/p>\n<\/div>\n<p><!-- \/wp:buttons --><\/p>\t\t\t\t\t\t\t\t<\/div>\n\t\t\t\t<\/div>\n\t\t\t\t\t<\/div>\n\t\t<\/div>\n\t\t\t\t\t<\/div>\n\t\t<\/section>\n\t\t\t\t<\/div>\n\t\t","protected":false},"excerpt":{"rendered":"<p>Entdecke spannende Kriminalromane mit alpinen Schaupl\u00e4tzen.\u00a0Krimis, die atmosph\u00e4rische Berglandschaften mit packender Spannung verbinden. Der f\u00fcnfte Steinalper-Krimi ist\u00a0 in allen\u00a0 Buchl\u00e4den im deutschsprachigen Raum vorr\u00e4tig oder bestellbar. <a href=\"https:\/\/youtu.be\/UvMva0CwaC4\" rel=\"nofollow\">https:\/\/youtu.be\/UvMva0CwaC4<\/a> MEINE \u00fcbrigen KRIMIS Die einzelnen B\u00e4nde sind in sich abgeschlossen. N\u00e4chste Veranstaltung: Mehr Erfahren meine Figuren Das Ermittlerteam arbeitet von Brig aus,\u00a0 der kleinen Alpenstadt\u00a0 in einem s\u00fcdlichen &hellip; <a href=\"https:\/\/brigitta-winkelried.com\/\" class=\"more-link\"><span class=\"screen-reader-text\">Startseite<\/span> weiterlesen <span class=\"meta-nav\">&rarr;<\/span><\/a><\/p>\n","protected":false},"author":201897328,"featured_media":5540,"parent":0,"menu_order":0,"comment_status":"closed","ping_status":"closed","template":"","meta":{"_coblocks_attr":"Arial,,Helvetica,Times New Roman,Abril Fatface,Arial,Yrsa","_coblocks_dimensions":"","_coblocks_responsive_height":"","_coblocks_accordion_ie_support":"","advanced_seo_description":"","jetpack_seo_html_title":"","jetpack_seo_noindex":false,"jetpack_seo_schema_type":"","_wpcom_ai_launchpad_about_page":false,"_wpcom_ai_launchpad_gallery_page":false,"_wpcom_ai_launchpad_contact_page":false,"_wpcom_ai_launchpad_events_page":false,"_wpcom_ai_launchpad_video_page":false,"_wpcom_ai_launchpad_portfolio_piece":false,"footnotes":""},"class_list":["post-69","page","type-page","status-publish","has-post-thumbnail","hentry"],"jetpack_likes_enabled":true,"jetpack_sharing_enabled":true,"jetpack_shortlink":"https:\/\/wp.me\/PcPqgc-17","_links":{"self":[{"href":"https:\/\/brigitta-winkelried.com\/index.php?rest_route=\/wp\/v2\/pages\/69","targetHints":{"allow":["GET"]}}],"collection":[{"href":"https:\/\/brigitta-winkelried.com\/index.php?rest_route=\/wp\/v2\/pages"}],"about":[{"href":"https:\/\/brigitta-winkelried.com\/index.php?rest_route=\/wp\/v2\/types\/page"}],"author":[{"embeddable":true,"href":"https:\/\/brigitta-winkelried.com\/index.php?rest_route=\/wp\/v2\/users\/201897328"}],"replies":[{"embeddable":true,"href":"https:\/\/brigitta-winkelried.com\/index.php?rest_route=%2Fwp%2Fv2%2Fcomments&post=69"}],"version-history":[{"count":100,"href":"https:\/\/brigitta-winkelried.com\/index.php?rest_route=\/wp\/v2\/pages\/69\/revisions"}],"predecessor-version":[{"id":9017,"href":"https:\/\/brigitta-winkelried.com\/index.php?rest_route=\/wp\/v2\/pages\/69\/revisions\/9017"}],"wp:featuredmedia":[{"embeddable":true,"href":"https:\/\/brigitta-winkelried.com\/index.php?rest_route=\/wp\/v2\/media\/5540"}],"wp:attachment":[{"href":"https:\/\/brigitta-winkelried.com\/index.php?rest_route=%2Fwp%2Fv2%2Fmedia&parent=69"}],"curies":[{"name":"wp","href":"https:\/\/api.w.org\/{rel}","templated":true}]}}