{"id":62,"date":"2021-03-05T11:29:52","date_gmt":"2021-03-05T10:29:52","guid":{"rendered":"https:\/\/brigitta-winkelried.com\/?page_id=62"},"modified":"2025-08-12T14:25:19","modified_gmt":"2025-08-12T12:25:19","slug":"links","status":"publish","type":"page","link":"https:\/\/brigitta-winkelried.com\/?page_id=62","title":{"rendered":"Themen in den Krimis &#8211; Nice to know"},"content":{"rendered":"\r\n<p>Hinter jedem Mord steht ein Motiv. In meinen Krimis ist es nicht anders. Wenn man das Motiv herausfindet, kann das helfen, den Kreis der m\u00f6glichen T\u00e4ter einzugrenzen. In meinen Storys ist das Motiv stets mit einem wichtigen Thema aus unserer Gesellschaft verkn\u00fcpft.<\/p>\r\n\r\n\r\n\r\n<p>Beim Schreiben habe ich mich jeweils von\u00a0 einem grossen Thema leiten lassen, das eng mit den Morden zusammenh\u00e4ngt. Im Folgenden findest du diese Hauptthemen meiner Krimireihe um Kommissar Steinalper entsprechend in der Reihenfolge ihres Erscheinens.<\/p>\r\n\r\n\r\n\r\n<p class=\"has-text-align-center\" style=\"font-size: 30px;\"><strong>Band 3 &#8211; Die Vergeltung des Engels<\/strong><\/p>\r\n\r\n\r\n\r\n<p>Im Krimi \u00abDie Vergeltung des Engels\u00bb sucht eine junge Frau ein Medium auf, um Kontakt mit dem Jenseits zu kn\u00fcpfen. Konkret m\u00f6chte die Frau in Kontakt treten mit ihrer verstorbenen Tante.<\/p>\r\n\r\n\r\n\r\n<h2 class=\"wp-block-heading has-text-align-center\">Wie gef\u00e4hrlich ist Esoterik?<\/h2>\r\n\r\n\r\n\r\n<p>&nbsp;<\/p>\r\n\r\n\r\n\r\n<p class=\"has-text-align-left\">Viele halten Esoterik f\u00fcr irrational, Aberglauben, Mumpitz. Doch zugleich boomt der Markt: Unz\u00e4hlige suchen Rat bei spirituellen Medien und Wahrsagern.\u00a0<\/p>\r\n\r\n\r\n\r\n<p class=\"has-text-align-left\">Das Spektrum der Esoterik-Angebote reicht von der Wiederbelebung alter Kulte bis in jene Regionen der Gesundheitsdienstleistungen, in denen es sprichw\u00f6rtlich lebensgef\u00e4hrlich werden kann.<\/p>\r\n\r\n\r\n\r\n\r\n\r\n<p>Der Markt f\u00fcr Esoterik boomt. Von der Esoterik versprechen sich viele immer noch Hilfe, Heilung und Erleuchtung &#8211; und einen Zugang zu einer h\u00f6heren, geistigen Welt.<\/p>\r\n\r\n\r\n\r\n<p class=\"has-text-align-center\"><strong>M\u00f6chtest du mehr erfahren?<\/strong><\/p>\r\n\r\n\r\n\r\n<p>Im folgenden Video diskutiert Pfarrer Rolf Kalbermatter Ende November 2017 in Brig mit Sektenkenner Charles-Louis Joris und Medium Caroline Planche \u00fcber Esoterik. Ein R\u00fcckblick.<\/p>\r\n\r\n\r\n\r\n<figure class=\"wp-block-embed is-type-video is-provider-youtube wp-block-embed-youtube wp-embed-aspect-16-9 wp-has-aspect-ratio\">\r\n<div class=\"wp-block-embed__wrapper\"><a href=\"https:\/\/www.youtube.com\/watch?v=3w1f3IAj4eQ\" rel=\"nofollow\">https:\/\/www.youtube.com\/watch?v=3w1f3IAj4eQ<\/a><\/div>\r\n<\/figure>\r\n\r\n\r\n\r\n<p>&nbsp;<\/p>\r\n\r\n\r\n\r\n<p class=\"has-text-align-left\">2017 wurde in Visp die IG \u00abEsoterischer Schwachsinn\u00bb gegr\u00fcndet . Diese mit Charles-Louis Joris an der Spitze formierte Interessengemeinschaft verlangt prim\u00e4r sch\u00e4rfere Kontrollen rund um esoterische Angebote.<\/p>\r\n\r\n\r\n\r\n<p class=\"has-text-align-center\" style=\"font-size: 30px;\"><strong>Band 2 &#8211; Der Tote im Wolfspelz<\/strong><\/p>\r\n\r\n\r\n\r\n<div class=\"wp-block-cover is-light\"><img data-recalc-dims=\"1\" fetchpriority=\"high\" decoding=\"async\" width=\"474\" height=\"237\" data-attachment-id=\"345\" data-permalink=\"https:\/\/brigitta-winkelried.com\/?attachment_id=345\" data-orig-file=\"https:\/\/i0.wp.com\/brigitta-winkelried.com\/wp-content\/uploads\/2021\/03\/wolf.jpg?fit=1320%2C660&amp;ssl=1\" data-orig-size=\"1320,660\" data-comments-opened=\"1\" data-image-meta=\"{&quot;aperture&quot;:&quot;0&quot;,&quot;credit&quot;:&quot;&quot;,&quot;camera&quot;:&quot;&quot;,&quot;caption&quot;:&quot;&quot;,&quot;created_timestamp&quot;:&quot;0&quot;,&quot;copyright&quot;:&quot;&quot;,&quot;focal_length&quot;:&quot;0&quot;,&quot;iso&quot;:&quot;0&quot;,&quot;shutter_speed&quot;:&quot;0&quot;,&quot;title&quot;:&quot;&quot;,&quot;orientation&quot;:&quot;0&quot;}\" data-image-title=\"wolf\" data-image-description=\"\" data-image-caption=\"\" data-large-file=\"https:\/\/i0.wp.com\/brigitta-winkelried.com\/wp-content\/uploads\/2021\/03\/wolf.jpg?fit=474%2C237&amp;ssl=1\" class=\"wp-block-cover__image-background wp-image-345\" src=\"https:\/\/i0.wp.com\/brigitta-winkelried.com\/wp-content\/uploads\/2021\/03\/wolf.jpg?resize=474%2C237&#038;ssl=1\" alt=\"\" data-object-fit=\"cover\" \/>\r\n<div class=\"wp-block-cover__inner-container is-layout-flow wp-block-cover-is-layout-flow\">\r\n<p>&nbsp;<\/p>\r\n\r\n\r\n\r\n<p>&nbsp;<\/p>\r\n\r\n\r\n\r\n<p>&nbsp;<\/p>\r\n\r\n\r\n\r\n<p>&nbsp;<\/p>\r\n\r\n\r\n\r\n<p class=\"has-text-align-center has-vivid-red-color has-text-color has-large-font-size\" style=\"font-size: 50px;\"><strong>Der Wolf<\/strong><\/p>\r\n<\/div>\r\n<\/div>\r\n\r\n\r\n\r\n<p>&nbsp;<\/p>\r\n\r\n\r\n\r\n<p style=\"font-size: 20px;\">Der Tote im Bettmersee, Timo, Hirschfeld, war ein Wolfsbef\u00fcrworter, er hat sich \u00f6ffentlich f\u00fcr den Wolf eingesetzt. Haben ihn Wolfsgegner auf dem Gewissen?<\/p>\r\n\r\n\r\n\r\n<p style=\"font-size: 20px;\">In Westeuropa wurde der Wolf im 20. Jahrhundert fast vollst\u00e4ndig ausgerottet. In die Schweiz wanderten 1995 wieder die ersten W\u00f6lfe ein. Immer wieder greifen sie bei der Nahrungssuche auch Nutztiere wie Schafe an.<\/p>\r\n\r\n\r\n\r\n<p style=\"font-size: 20px;\">Der Streit um die wilden W\u00f6lfe in der Schweiz und in Deutschland wird sch\u00e4rfer gef\u00fchrt denn je. Schafz\u00fcchter und J\u00e4ger wehren sich gegen den Wolf. Immer mehr dringen die W\u00f6lfe in die D\u00f6rfer vor. Die Frage lautet: Wann wird es soweit sein, dass der Wolf Menschen attackiert?<\/p>\r\n\r\n\r\n\r\n<p style=\"font-size: 20px;\">Der Wolf ist europaweit \u00abstreng gesch\u00fctzt\u00bb. Die Regelung in der Schweiz: Erst wenn ein Wolf mehr als 25 Schafe in einem Monat reisst, darf ihn der Bund zum Abschuss freigeben.<\/p>\r\n\r\n\r\n\r\n<p>&nbsp;<\/p>\r\n\r\n\r\n\r\n<figure class=\"wp-block-image size-large is-style-default\"><img data-recalc-dims=\"1\" decoding=\"async\" width=\"474\" height=\"196\" data-attachment-id=\"356\" data-permalink=\"https:\/\/brigitta-winkelried.com\/?attachment_id=356\" data-orig-file=\"https:\/\/i0.wp.com\/brigitta-winkelried.com\/wp-content\/uploads\/2021\/03\/belalp-riederalp.jpg?fit=2572%2C1063&amp;ssl=1\" data-orig-size=\"2572,1063\" data-comments-opened=\"1\" data-image-meta=\"{&quot;aperture&quot;:&quot;0&quot;,&quot;credit&quot;:&quot;Brigitte Imwinkelried&quot;,&quot;camera&quot;:&quot;&quot;,&quot;caption&quot;:&quot;&quot;,&quot;created_timestamp&quot;:&quot;1615225293&quot;,&quot;copyright&quot;:&quot;&quot;,&quot;focal_length&quot;:&quot;0&quot;,&quot;iso&quot;:&quot;0&quot;,&quot;shutter_speed&quot;:&quot;0&quot;,&quot;title&quot;:&quot;&quot;,&quot;orientation&quot;:&quot;0&quot;}\" data-image-title=\"belalp-riederalp\" data-image-description=\"\" data-image-caption=\"\" data-large-file=\"https:\/\/i0.wp.com\/brigitta-winkelried.com\/wp-content\/uploads\/2021\/03\/belalp-riederalp.jpg?fit=474%2C196&amp;ssl=1\" class=\"wp-image-356\" src=\"https:\/\/i0.wp.com\/brigitta-winkelried.com\/wp-content\/uploads\/2021\/03\/belalp-riederalp.jpg?resize=474%2C196&#038;ssl=1\" alt=\"\" \/><\/figure>\r\n\r\n\r\n\r\n<p>Kartenausschnitt: \u00a9 Swisstopo, <a href=\"http:\/\/map.geo.admin.ch\/\">map.geo.admin.ch<\/a><\/p>\r\n\r\n\r\n\r\n<h2 class=\"wp-block-heading has-text-align-center\">Ein grosses Thema in Band zwei:<\/h2>\r\n\r\n\r\n\r\n<h2 class=\"wp-block-heading has-text-align-center\" style=\"font-size: 42px;\"><mark class=\"has-inline-color\" style=\"background-color: rgba(0, 0, 0, 0); color: #c8133e;\">Verbindungsbahn zwischen <\/mark>Riederalp &amp; Belalp<\/h2>\r\n\r\n\r\n\r\n<p>&nbsp;<\/p>\r\n\r\n\r\n\r\n<p style=\"font-size: 20px;\">Dies ist nebst der Aufkl\u00e4rung des Mordes an Timo das zweite Hauptthema im Krimi \u00abDer Tote im Wolfspelz\u00bb<\/p>\r\n\r\n\r\n\r\n<p style=\"font-size: 20px;\">Die Idee, die beiden Ski- und Wandergebiete Riederalp und Belalp \u00fcber eine Bergbahn miteinander zu verbinden, existiert seit den siebziger Jahren des vorigen Jahrhunderts.<\/p>\r\n\r\n\r\n\r\n<p style=\"font-size: 20px;\">Die G\u00e4stefrequenz w\u00fcrde durch die Verbindung um 20 bis 40 Prozent erh\u00f6ht, das wirtschaftliche Wachstum sichergestellt werden. Die Bahn w\u00fcrde das Aletschgebiet zu einem der gr\u00f6ssten Player im Alpenraum machen.<\/p>\r\n\r\n\r\n\r\n<p>&nbsp;<\/p>\r\n\r\n\r\n\r\n<h2 class=\"wp-block-heading has-text-align-center has-vivid-purple-color has-text-color\" style=\"font-size: 35px;\"><mark class=\"has-inline-color\" style=\"background-color: rgba(0, 0, 0, 0); color: #1d1e1e;\">Der Haken:<\/mark><\/h2>\r\n\r\n\r\n\r\n<p>&nbsp;<\/p>\r\n\r\n\r\n\r\n<p style=\"font-size: 20px;\">Das Gebiet zwischen Riederalp und Belalp liegt am Rande des Aletschgletschers. Brisant: Die neue Bahn durchquert ein Naturschutzgebiet des UNESCO-Welterbes Jungfrau-Aletsch-Bietschhorn.<\/p>\r\n\r\n\r\n\r\n<p style=\"font-size: 20px;\">Die Bahn-Unternehmer haben sich in meiner Story mit den Natursch\u00fctzern auf einen Kompromiss geeinigt: eine unterirdische Verbindung, eine Metro Aletsch, anstelle einer Pendelbahn.<\/p>\r\n\r\n\r\n\r\n<p style=\"font-size: 20px;\">Das Mordopfer Timo Hirschfeld leitete den Bau der Metro Aletsch. Hat der Mord damit zu tun?<\/p>\r\n\r\n\r\n\r\n<p>&nbsp;<\/p>\r\n\r\n\r\n\r\n<h2 class=\"wp-block-heading has-text-align-center\" style=\"font-size: 30px;\"><mark class=\"has-inline-color\" style=\"background-color: rgba(0, 0, 0, 0); color: #f40808;\">Fentanyl &#8211; hundertmal st\u00e4rker als Morphium<\/mark><\/h2>\r\n\r\n\r\n\r\n<p style=\"font-size: 20px;\">Das zweite Mordopfer im Krimi &#8222;Der Tote im Wolfspelz&#8220; wird durch ein Schmerzmittel get\u00f6tet, das er ohne es zu wissen, einnimmt: Fentanyl.<\/p>\r\n\r\n\r\n\r\n<p style=\"font-size: 20px;\">Das synthetische Opiod aus dem Labor ist der Serienkiller in den USA. Schon zwei Milligramm k\u00f6nnen zu Kreislaufkollaps und Atemstillstand f\u00fchren.<\/p>\r\n\r\n\r\n\r\n<figure class=\"wp-block-image size-large is-style-default\"><img data-recalc-dims=\"1\" decoding=\"async\" width=\"474\" height=\"321\" data-attachment-id=\"2392\" data-permalink=\"https:\/\/brigitta-winkelried.com\/?attachment_id=2392\" data-orig-file=\"https:\/\/i0.wp.com\/brigitta-winkelried.com\/wp-content\/uploads\/2021\/08\/Chemische-Struktur-Fentanyl.jpg?fit=2660%2C1799&amp;ssl=1\" data-orig-size=\"2660,1799\" data-comments-opened=\"1\" data-image-meta=\"{&quot;aperture&quot;:&quot;0&quot;,&quot;credit&quot;:&quot;&quot;,&quot;camera&quot;:&quot;&quot;,&quot;caption&quot;:&quot;&quot;,&quot;created_timestamp&quot;:&quot;1627812060&quot;,&quot;copyright&quot;:&quot;&quot;,&quot;focal_length&quot;:&quot;0&quot;,&quot;iso&quot;:&quot;0&quot;,&quot;shutter_speed&quot;:&quot;0&quot;,&quot;title&quot;:&quot;&quot;,&quot;orientation&quot;:&quot;1&quot;}\" data-image-title=\"Chemische-Struktur-Fentanyl\" data-image-description=\"\" data-image-caption=\"\" data-large-file=\"https:\/\/i0.wp.com\/brigitta-winkelried.com\/wp-content\/uploads\/2021\/08\/Chemische-Struktur-Fentanyl.jpg?fit=474%2C321&amp;ssl=1\" class=\"wp-image-2392\" src=\"https:\/\/i0.wp.com\/brigitta-winkelried.com\/wp-content\/uploads\/2021\/08\/Chemische-Struktur-Fentanyl.jpg?resize=474%2C321&#038;ssl=1\" alt=\"\" srcset=\"https:\/\/i0.wp.com\/brigitta-winkelried.com\/wp-content\/uploads\/2021\/08\/Chemische-Struktur-Fentanyl.jpg?resize=1024%2C693&amp;ssl=1 1024w, https:\/\/i0.wp.com\/brigitta-winkelried.com\/wp-content\/uploads\/2021\/08\/Chemische-Struktur-Fentanyl.jpg?resize=300%2C203&amp;ssl=1 300w, https:\/\/i0.wp.com\/brigitta-winkelried.com\/wp-content\/uploads\/2021\/08\/Chemische-Struktur-Fentanyl.jpg?resize=768%2C519&amp;ssl=1 768w, https:\/\/i0.wp.com\/brigitta-winkelried.com\/wp-content\/uploads\/2021\/08\/Chemische-Struktur-Fentanyl.jpg?resize=1536%2C1039&amp;ssl=1 1536w, https:\/\/i0.wp.com\/brigitta-winkelried.com\/wp-content\/uploads\/2021\/08\/Chemische-Struktur-Fentanyl.jpg?resize=2048%2C1385&amp;ssl=1 2048w, https:\/\/i0.wp.com\/brigitta-winkelried.com\/wp-content\/uploads\/2021\/08\/Chemische-Struktur-Fentanyl.jpg?w=948&amp;ssl=1 948w, https:\/\/i0.wp.com\/brigitta-winkelried.com\/wp-content\/uploads\/2021\/08\/Chemische-Struktur-Fentanyl.jpg?w=1422&amp;ssl=1 1422w\" sizes=\"(max-width: 474px) 100vw, 474px\" \/><\/figure>\r\n\r\n\r\n\r\n<p style=\"font-size: 20px;\">Das prominenteste Fentanyl-Opfer ist der 2016 verstorbene Popstar Prince.<\/p>\r\n\r\n\r\n\r\n\r\n\r\n<p style=\"font-size: 20px;\">Fentanyl ist billig herzustellen. Ein Kilo kostet etwa 3000 Franken. Schon kleinste Mengen werfen viel Profit ab und sind leicht zu transportieren. H\u00e4ufig wird das es im Internet gekauft und per Post geschickt. Der Grossteil wird illegal in China hergestellt.<\/p>\r\n\r\n\r\n\r\n<p>&nbsp;<\/p>\r\n\r\n\r\n\r\n<h2 class=\"wp-block-heading has-text-align-center has-text-color\" style=\"color: #a30012; font-size: 40px;\">Band 1 &#8211; \u00abDas Wundermedikament\u00bb<\/h2>\r\n\r\n\r\n\r\n<p style=\"font-size: 20px;\">In meinem Erstlingswerk stellen Verbrecher illegal ein Medikament her, das sie ohne Bewilligung an Altersheimbewohner testen. Die T\u00e4ter t\u00f6ten, um das Riesengesch\u00e4ft voll auszusch\u00f6pfen.<\/p>\r\n\r\n\r\n\r\n\r\n\r\n\r\n\r\n<p style=\"font-size: 30px; text-align: center;\"><strong>Was bedeutet Alzheimer f\u00fcr die Patienten?<\/strong><\/p>\r\n\r\n\r\n\r\n<p style=\"font-size: 20px;\">Bei den Patienten sterben im Laufe der Krankheit sehr viele Gehirnzellen ab. Die Prozesse sind irreversibel. Die Alzheimerkrankheit ist die h\u00e4ufigste Form einer Demenz. Bisher gibt es keine Wirkstoffe, welche die Ursachen bek\u00e4mpfen k\u00f6nnen.<\/p>\r\n\r\n\r\n\r\n<p style=\"font-size: 20px;\">Schon viele Pharmafirmen haben wegen R\u00fcckschl\u00e4gen bei der Entwicklung eines Alzheimermedikaments ihre Studien fr\u00fchzeitig abgebrochen. Die R\u00fcckschl\u00e4ge in den Therapieans\u00e4tzen haben damit zu tun, dass die Prozesse im Gehirn schon zu weit fortgeschritten sind, wenn Patienten die ersten Symptome zeigen und krankhaft vergesslich werden.<\/p>\r\n\r\n\r\n\r\n<p style=\"font-size: 20px;\">In meinem ersten Kriminalroman stellt ein Pharmaforscher ein Medikament aus einer exotischen Pflanze her, das garantiert gegen das schleichende Vergessen hilft. Die Pflanze w\u00e4chst im tiefsten Dschungel Kolumbiens an verborgenen Pl\u00e4tzen, die nur einheimische Kr\u00e4uterfrauen kennen. Der Forscher spannt mit einem renommierten Arzt zusammen.<\/p>\r\n\r\n\r\n\r\n<p>&nbsp;<\/p>\r\n","protected":false},"excerpt":{"rendered":"<p>Hinter jedem Mord steht ein Motiv. In meinen Krimis ist es nicht anders. Wenn man das Motiv herausfindet, kann das helfen, den Kreis der m\u00f6glichen T\u00e4ter einzugrenzen. In meinen Storys ist das Motiv stets mit einem wichtigen Thema aus unserer Gesellschaft verkn\u00fcpft. Beim Schreiben habe ich mich jeweils von\u00a0 einem grossen Thema leiten lassen, das &hellip; <a href=\"https:\/\/brigitta-winkelried.com\/?page_id=62\" class=\"more-link\"><span class=\"screen-reader-text\">Themen in den Krimis &#8211; Nice to know<\/span> weiterlesen <span class=\"meta-nav\">&rarr;<\/span><\/a><\/p>\n","protected":false},"author":201897328,"featured_media":4687,"parent":0,"menu_order":0,"comment_status":"closed","ping_status":"closed","template":"","meta":{"_coblocks_attr":"Helvetica,Helvetica","_coblocks_dimensions":"","_coblocks_responsive_height":"","_coblocks_accordion_ie_support":"","advanced_seo_description":"","jetpack_seo_html_title":"","jetpack_seo_noindex":false,"footnotes":""},"class_list":["post-62","page","type-page","status-publish","has-post-thumbnail","hentry"],"jetpack_likes_enabled":true,"jetpack_sharing_enabled":true,"jetpack_shortlink":"https:\/\/wp.me\/PcPqgc-10","_links":{"self":[{"href":"https:\/\/brigitta-winkelried.com\/index.php?rest_route=\/wp\/v2\/pages\/62","targetHints":{"allow":["GET"]}}],"collection":[{"href":"https:\/\/brigitta-winkelried.com\/index.php?rest_route=\/wp\/v2\/pages"}],"about":[{"href":"https:\/\/brigitta-winkelried.com\/index.php?rest_route=\/wp\/v2\/types\/page"}],"author":[{"embeddable":true,"href":"https:\/\/brigitta-winkelried.com\/index.php?rest_route=\/wp\/v2\/users\/201897328"}],"replies":[{"embeddable":true,"href":"https:\/\/brigitta-winkelried.com\/index.php?rest_route=%2Fwp%2Fv2%2Fcomments&post=62"}],"version-history":[{"count":100,"href":"https:\/\/brigitta-winkelried.com\/index.php?rest_route=\/wp\/v2\/pages\/62\/revisions"}],"predecessor-version":[{"id":8006,"href":"https:\/\/brigitta-winkelried.com\/index.php?rest_route=\/wp\/v2\/pages\/62\/revisions\/8006"}],"wp:featuredmedia":[{"embeddable":true,"href":"https:\/\/brigitta-winkelried.com\/index.php?rest_route=\/wp\/v2\/media\/4687"}],"wp:attachment":[{"href":"https:\/\/brigitta-winkelried.com\/index.php?rest_route=%2Fwp%2Fv2%2Fmedia&parent=62"}],"curies":[{"name":"wp","href":"https:\/\/api.w.org\/{rel}","templated":true}]}}